{"id":937,"date":"2018-05-05T00:50:40","date_gmt":"2018-05-05T03:50:40","guid":{"rendered":"http:\/\/www.quilombhoje.com.br\/site\/?page_id=937"},"modified":"2018-05-21T14:43:58","modified_gmt":"2018-05-21T17:43:58","slug":"sarau-afro-mix","status":"publish","type":"page","link":"https:\/\/www.quilombhoje.com.br\/site\/sarau-afro-mix\/","title":{"rendered":"Sarau Afro Mix"},"content":{"rendered":"<p>Canta pra assentar o ax\u00e9! E roda poema&#8230;<\/p>\n<h2>Sarau Afro Mix<\/h2>\n<p>\t\t\t\t\t\t\t\t\t\t<img decoding=\"async\" loading=\"lazy\" width=\"142\" height=\"45\" src=\"http:\/\/www.quilombhoje.com.br\/site\/wp-content\/uploads\/2018\/05\/tres-adinkras-1.png\" alt=\"\" \/><br \/>\n\t\t\t\t\t\t\t\t\t\t<img decoding=\"async\" loading=\"lazy\" width=\"289\" height=\"300\" src=\"http:\/\/www.quilombhoje.com.br\/site\/wp-content\/uploads\/2018\/05\/LOGOSarau-1-289x300.jpg\" alt=\"\" srcset=\"http:\/\/www.quilombhoje.com.br\/site\/wp-content\/uploads\/2018\/05\/LOGOSarau-1-289x300.jpg 289w, http:\/\/www.quilombhoje.com.br\/site\/wp-content\/uploads\/2018\/05\/LOGOSarau-1-768x798.jpg 768w, http:\/\/www.quilombhoje.com.br\/site\/wp-content\/uploads\/2018\/05\/LOGOSarau-1-985x1024.jpg 985w, http:\/\/www.quilombhoje.com.br\/site\/wp-content\/uploads\/2018\/05\/LOGOSarau-1.jpg 1074w\" sizes=\"(max-width: 289px) 100vw, 289px\" \/>\t\t\t\t\t\t\t\t\t\t\t<\/p>\n<p><strong>O<\/strong>\u00a0<strong>Sarau Afro Mix foi criado em 2002<\/strong><\/p>\n<p>Derivado das <em>rodas de poemas<\/em>, \u00e9 um projeto que procura trabalhar com as manifesta\u00e7\u00f5es culturais em geral, com \u00eanfase na literatura afro-brasileira, dando visibilidade a autores e autoras negros e negras e iluminando sua import\u00e2ncia na literatura brasileira. A logomarca (acima) foi concebida pelo artista gr\u00e1fico Edimilson Quirino dos Reis.<\/p>\n<figure>\n\t\t\t\t\t\t\t\t\t\t\t<a href=\"http:\/\/www.quilombhoje.com.br\/site\/wp-content\/uploads\/2018\/05\/casadasrosa.jpg\" data-elementor-open-lightbox=\"default\"><br \/>\n\t\t\t\t\t\t\t<img decoding=\"async\" loading=\"lazy\" width=\"960\" height=\"642\" src=\"http:\/\/www.quilombhoje.com.br\/site\/wp-content\/uploads\/2018\/05\/casadasrosa.jpg\" alt=\"\" srcset=\"http:\/\/www.quilombhoje.com.br\/site\/wp-content\/uploads\/2018\/05\/casadasrosa.jpg 960w, http:\/\/www.quilombhoje.com.br\/site\/wp-content\/uploads\/2018\/05\/casadasrosa-300x201.jpg 300w, http:\/\/www.quilombhoje.com.br\/site\/wp-content\/uploads\/2018\/05\/casadasrosa-768x514.jpg 768w, http:\/\/www.quilombhoje.com.br\/site\/wp-content\/uploads\/2018\/05\/casadasrosa-272x182.jpg 272w\" sizes=\"(max-width: 960px) 100vw, 960px\" \/>\t\t\t\t\t\t\t\t<\/a><figcaption>Sarau na Casa das Rosas<\/figcaption><\/figure>\n<figure>\n\t\t\t\t\t\t\t\t\t\t\t<a href=\"http:\/\/www.quilombhoje.com.br\/site\/wp-content\/uploads\/2018\/05\/virada-geral1-e1525490323287.jpg\" data-elementor-open-lightbox=\"default\"><br \/>\n\t\t\t\t\t\t\t<img decoding=\"async\" loading=\"lazy\" width=\"1632\" height=\"984\" src=\"http:\/\/www.quilombhoje.com.br\/site\/wp-content\/uploads\/2018\/05\/virada-geral1-e1525490323287.jpg\" alt=\"\" \/>\t\t\t\t\t\t\t\t<\/a><figcaption>Virada Cultural<\/figcaption><\/figure>\n<p><strong>O primeiro Sarau Afro Mix foi realizado na biblioteca M\u00e1rio de Andrade<\/strong><\/p>\n<p>Ao longo do tempo, os saraus t\u00eam dialogado com o p\u00fablico sobre a trajet\u00f3ria cultural da comunidade afrodescendente e tamb\u00e9m sobre a import\u00e2ncia das manifesta\u00e7\u00f5es art\u00edsticas em geral, fazendo uma reflex\u00e3o sobre a produ\u00e7\u00e3o de contos e poemas que retratam as viv\u00eancias afro-brasileiras e sobre sua intera\u00e7\u00e3o com outras linguagens. O Sarau engloba roda de poemas, m\u00fasica, dan\u00e7a, minipalestras&#8230;<\/p>\n<figure>\n\t\t\t\t\t\t\t\t\t\t\t<a href=\"http:\/\/www.quilombhoje.com.br\/site\/wp-content\/uploads\/2018\/05\/SAM_2896.jpg\" data-elementor-open-lightbox=\"default\"><br \/>\n\t\t\t\t\t\t\t<img decoding=\"async\" loading=\"lazy\" width=\"497\" height=\"373\" src=\"http:\/\/www.quilombhoje.com.br\/site\/wp-content\/uploads\/2018\/05\/SAM_2896.jpg\" alt=\"\" srcset=\"http:\/\/www.quilombhoje.com.br\/site\/wp-content\/uploads\/2018\/05\/SAM_2896.jpg 497w, http:\/\/www.quilombhoje.com.br\/site\/wp-content\/uploads\/2018\/05\/SAM_2896-300x225.jpg 300w\" sizes=\"(max-width: 497px) 100vw, 497px\" \/>\t\t\t\t\t\t\t\t<\/a><figcaption>Museu da L\u00edngua Portuguesa<\/figcaption><\/figure>\n<figure>\n\t\t\t\t\t\t\t\t\t\t\t<a href=\"http:\/\/www.quilombhoje.com.br\/site\/wp-content\/uploads\/2018\/05\/Virada-imagem-Esmeralda-Sarau.jpg\" data-elementor-open-lightbox=\"default\"><br \/>\n\t\t\t\t\t\t\t<img decoding=\"async\" loading=\"lazy\" width=\"713\" height=\"475\" src=\"http:\/\/www.quilombhoje.com.br\/site\/wp-content\/uploads\/2018\/05\/Virada-imagem-Esmeralda-Sarau.jpg\" alt=\"\" srcset=\"http:\/\/www.quilombhoje.com.br\/site\/wp-content\/uploads\/2018\/05\/Virada-imagem-Esmeralda-Sarau.jpg 713w, http:\/\/www.quilombhoje.com.br\/site\/wp-content\/uploads\/2018\/05\/Virada-imagem-Esmeralda-Sarau-300x200.jpg 300w, http:\/\/www.quilombhoje.com.br\/site\/wp-content\/uploads\/2018\/05\/Virada-imagem-Esmeralda-Sarau-272x182.jpg 272w\" sizes=\"(max-width: 713px) 100vw, 713px\" \/>\t\t\t\t\t\t\t\t<\/a><figcaption>Virada Cultural<\/figcaption><\/figure>\n<p>O Sarau Afro Mix contribui com a divulga\u00e7\u00e3o dos trabalhos de jovens escritorxs, al\u00e9m de proporcionar viv\u00eancias liter\u00e1rias atrav\u00e9s da roda de poemas e tamb\u00e9m um aprendizado que n\u00e3o \u00e9 trazido pelo curr\u00edculo regular da escola. O Sarau \u00e9 uma experi\u00eancia marcante que gera no p\u00fablico a troca de informa\u00e7\u00f5es, a reflex\u00e3o, trazendo emo\u00e7\u00f5es e confraterniza\u00e7\u00e3o.<\/p>\n<figure>\n\t\t\t\t\t\t\t\t\t\t\t<a href=\"http:\/\/www.quilombhoje.com.br\/site\/wp-content\/uploads\/2018\/05\/PC2304511-TIRADAS-PELO-CEU-RADI.jpg\" data-elementor-open-lightbox=\"default\"><br \/>\n\t\t\t\t\t\t\t<img decoding=\"async\" loading=\"lazy\" width=\"640\" height=\"480\" src=\"http:\/\/www.quilombhoje.com.br\/site\/wp-content\/uploads\/2018\/05\/PC2304511-TIRADAS-PELO-CEU-RADI.jpg\" alt=\"\" srcset=\"http:\/\/www.quilombhoje.com.br\/site\/wp-content\/uploads\/2018\/05\/PC2304511-TIRADAS-PELO-CEU-RADI.jpg 640w, http:\/\/www.quilombhoje.com.br\/site\/wp-content\/uploads\/2018\/05\/PC2304511-TIRADAS-PELO-CEU-RADI-300x225.jpg 300w\" sizes=\"(max-width: 640px) 100vw, 640px\" \/>\t\t\t\t\t\t\t\t<\/a><figcaption>CEU Caminho do Mar<\/figcaption><\/figure>\n<figure>\n\t\t\t\t\t\t\t\t\t\t\t<a href=\"http:\/\/www.quilombhoje.com.br\/site\/wp-content\/uploads\/2018\/05\/PC2304431-TIRADAS-PELO-CEU.jpg\" data-elementor-open-lightbox=\"default\"><br \/>\n\t\t\t\t\t\t\t<img decoding=\"async\" loading=\"lazy\" width=\"640\" height=\"480\" src=\"http:\/\/www.quilombhoje.com.br\/site\/wp-content\/uploads\/2018\/05\/PC2304431-TIRADAS-PELO-CEU.jpg\" alt=\"\" srcset=\"http:\/\/www.quilombhoje.com.br\/site\/wp-content\/uploads\/2018\/05\/PC2304431-TIRADAS-PELO-CEU.jpg 640w, http:\/\/www.quilombhoje.com.br\/site\/wp-content\/uploads\/2018\/05\/PC2304431-TIRADAS-PELO-CEU-300x225.jpg 300w\" sizes=\"(max-width: 640px) 100vw, 640px\" \/>\t\t\t\t\t\t\t\t<\/a><figcaption>CEU Caminho do Mar<\/figcaption><\/figure>\n<p><strong>Relev\u00e2ncia<\/strong><\/p>\n<p>A relev\u00e2ncia do Sarau reside no fato de que ele traz um diferencial em rela\u00e7\u00e3o aos saraus tradicionais na sua concep\u00e7\u00e3o, porque re\u00fane escritores e leitores comuns, assim como minipalestra sobre um tema atual. Al\u00e9m disso mescla em sua realiza\u00e7\u00e3o outras linguagens, como a m\u00fasica e a dan\u00e7a.<\/p>\n<figure>\n\t\t\t\t\t\t\t\t\t\t\t<a href=\"http:\/\/www.quilombhoje.com.br\/site\/wp-content\/uploads\/2018\/05\/sarauflink.jpg\" data-elementor-open-lightbox=\"default\"><br \/>\n\t\t\t\t\t\t\t<img decoding=\"async\" loading=\"lazy\" width=\"720\" height=\"482\" src=\"http:\/\/www.quilombhoje.com.br\/site\/wp-content\/uploads\/2018\/05\/sarauflink.jpg\" alt=\"\" srcset=\"http:\/\/www.quilombhoje.com.br\/site\/wp-content\/uploads\/2018\/05\/sarauflink.jpg 960w, http:\/\/www.quilombhoje.com.br\/site\/wp-content\/uploads\/2018\/05\/sarauflink-300x201.jpg 300w, http:\/\/www.quilombhoje.com.br\/site\/wp-content\/uploads\/2018\/05\/sarauflink-768x514.jpg 768w, http:\/\/www.quilombhoje.com.br\/site\/wp-content\/uploads\/2018\/05\/sarauflink-272x182.jpg 272w\" sizes=\"(max-width: 720px) 100vw, 720px\" \/>\t\t\t\t\t\t\t\t<\/a><figcaption>Sarau na Flink<\/figcaption><\/figure>\n<figure>\n\t\t\t\t\t\t\t\t\t\t\t<a href=\"http:\/\/www.quilombhoje.com.br\/site\/wp-content\/uploads\/2018\/05\/PenhaSarau2.jpg\" data-elementor-open-lightbox=\"default\"><br \/>\n\t\t\t\t\t\t\t<img decoding=\"async\" loading=\"lazy\" width=\"720\" height=\"540\" src=\"http:\/\/www.quilombhoje.com.br\/site\/wp-content\/uploads\/2018\/05\/PenhaSarau2.jpg\" alt=\"\" srcset=\"http:\/\/www.quilombhoje.com.br\/site\/wp-content\/uploads\/2018\/05\/PenhaSarau2.jpg 960w, http:\/\/www.quilombhoje.com.br\/site\/wp-content\/uploads\/2018\/05\/PenhaSarau2-300x225.jpg 300w, http:\/\/www.quilombhoje.com.br\/site\/wp-content\/uploads\/2018\/05\/PenhaSarau2-768x576.jpg 768w\" sizes=\"(max-width: 720px) 100vw, 720px\" \/>\t\t\t\t\t\t\t\t<\/a><figcaption>Casa de Cultura da Penha com Sarau dos Umbigos<\/figcaption><\/figure>\n<p>Al\u00e9m da biblioteca M\u00e1rio de Andrade, foram realizadas edi\u00e7\u00f5es do Sarau em CEUs, como Caminho do Mar e \u00c1gua Azul, dentre outros, Casa das Rosas, Casa de Cultura, como a da Penha, Museu da L\u00edngua Portuguesa, F\u00e1bricas de Cultura, Flink, Virada Cultural e em outros espa\u00e7os culturais.<\/p>\n<figure>\n\t\t\t\t\t\t\t\t\t\t\t<a href=\"http:\/\/www.quilombhoje.com.br\/site\/wp-content\/uploads\/2018\/05\/SAM_2816-e1525490233515.jpg\" data-elementor-open-lightbox=\"default\"><br \/>\n\t\t\t\t\t\t\t<img decoding=\"async\" loading=\"lazy\" width=\"495\" height=\"324\" src=\"http:\/\/www.quilombhoje.com.br\/site\/wp-content\/uploads\/2018\/05\/SAM_2816-e1525490233515.jpg\" alt=\"\" srcset=\"http:\/\/www.quilombhoje.com.br\/site\/wp-content\/uploads\/2018\/05\/SAM_2816-e1525490233515.jpg 495w, http:\/\/www.quilombhoje.com.br\/site\/wp-content\/uploads\/2018\/05\/SAM_2816-e1525490233515-300x196.jpg 300w\" sizes=\"(max-width: 495px) 100vw, 495px\" \/>\t\t\t\t\t\t\t\t<\/a><figcaption>Museu da L\u00edngua Portuguesa<\/figcaption><\/figure>\n<figure>\n\t\t\t\t\t\t\t\t\t\t\t<a href=\"http:\/\/www.quilombhoje.com.br\/site\/wp-content\/uploads\/2018\/05\/SAM_3202.jpg\" data-elementor-open-lightbox=\"default\"><br \/>\n\t\t\t\t\t\t\t<img decoding=\"async\" loading=\"lazy\" width=\"720\" height=\"514\" src=\"http:\/\/www.quilombhoje.com.br\/site\/wp-content\/uploads\/2018\/05\/SAM_3202-1024x731.jpg\" alt=\"\" srcset=\"http:\/\/www.quilombhoje.com.br\/site\/wp-content\/uploads\/2018\/05\/SAM_3202-1024x731.jpg 1024w, http:\/\/www.quilombhoje.com.br\/site\/wp-content\/uploads\/2018\/05\/SAM_3202-300x214.jpg 300w, http:\/\/www.quilombhoje.com.br\/site\/wp-content\/uploads\/2018\/05\/SAM_3202-768x549.jpg 768w, http:\/\/www.quilombhoje.com.br\/site\/wp-content\/uploads\/2018\/05\/SAM_3202.jpg 1134w\" sizes=\"(max-width: 720px) 100vw, 720px\" \/>\t\t\t\t\t\t\t\t<\/a><figcaption>Sesc Campo Limpo com Perifatividade<\/figcaption><\/figure>\n<p><strong>Espa\u00e7o de poesia<\/strong><\/p>\n<p>O Sarau \u00e9 um espa\u00e7o que cria a oportunidade de reunir pessoas interessadas em declamar, ler suas pr\u00f3prias poesias ou de outros autores e autoras. Al\u00e9m do mais, \u00e9 um espa\u00e7o de conviv\u00eancia, que d\u00e1 oportunidade aos presentes de expressarem poeticamente as ang\u00fastias do cotidiano. Cada evento tamb\u00e9m pode fomentar a literatura e o prazer da leitura, divulgar novos talentos e promover a reflex\u00e3o sobre a pr\u00f3pria hist\u00f3ria e literatura da popula\u00e7\u00e3o afrodescendente.<\/p>\n<figure>\n\t\t\t\t\t\t\t\t\t\t\t<a href=\"http:\/\/www.quilombhoje.com.br\/site\/wp-content\/uploads\/2018\/05\/SAM_2833.jpg\" data-elementor-open-lightbox=\"default\"><br \/>\n\t\t\t\t\t\t\t<img decoding=\"async\" loading=\"lazy\" width=\"497\" height=\"373\" src=\"http:\/\/www.quilombhoje.com.br\/site\/wp-content\/uploads\/2018\/05\/SAM_2833.jpg\" alt=\"\" srcset=\"http:\/\/www.quilombhoje.com.br\/site\/wp-content\/uploads\/2018\/05\/SAM_2833.jpg 497w, http:\/\/www.quilombhoje.com.br\/site\/wp-content\/uploads\/2018\/05\/SAM_2833-300x225.jpg 300w\" sizes=\"(max-width: 497px) 100vw, 497px\" \/>\t\t\t\t\t\t\t\t<\/a><figcaption>Museu da L\u00edngua Portuguesa<\/figcaption><\/figure>\n<figure>\n\t\t\t\t\t\t\t\t\t\t\t<a href=\"http:\/\/www.quilombhoje.com.br\/site\/wp-content\/uploads\/2018\/05\/SAM_3205.jpg\" data-elementor-open-lightbox=\"default\"><br \/>\n\t\t\t\t\t\t\t<img decoding=\"async\" loading=\"lazy\" width=\"1134\" height=\"760\" src=\"http:\/\/www.quilombhoje.com.br\/site\/wp-content\/uploads\/2018\/05\/SAM_3205.jpg\" alt=\"\" srcset=\"http:\/\/www.quilombhoje.com.br\/site\/wp-content\/uploads\/2018\/05\/SAM_3205.jpg 1134w, http:\/\/www.quilombhoje.com.br\/site\/wp-content\/uploads\/2018\/05\/SAM_3205-300x201.jpg 300w, http:\/\/www.quilombhoje.com.br\/site\/wp-content\/uploads\/2018\/05\/SAM_3205-768x515.jpg 768w, http:\/\/www.quilombhoje.com.br\/site\/wp-content\/uploads\/2018\/05\/SAM_3205-1024x686.jpg 1024w, http:\/\/www.quilombhoje.com.br\/site\/wp-content\/uploads\/2018\/05\/SAM_3205-272x182.jpg 272w\" sizes=\"(max-width: 1134px) 100vw, 1134px\" \/>\t\t\t\t\t\t\t\t<\/a><figcaption>Sesc Campo Limpo<\/figcaption><\/figure>\n<p>Ao incentivar a leitura, ao abrir espa\u00e7o para a poesia, a m\u00fasica e a dan\u00e7a, ao colaborar para a implementa\u00e7\u00e3o da lei 10.639, estimulando a reflex\u00e3o e o debate sobre a vida, a cultura e a hist\u00f3ria dos afro-brasileiros, o Sarau traz colabora\u00e7\u00f5es inestim\u00e1veis e pode influir numa mudan\u00e7a qualitativa para melhor da realidade brasileira e que pode beneficiar a todos, independentemente de origem, ra\u00e7a ou g\u00eanero.<\/p>\n<figure>\n\t\t\t\t\t\t\t\t\t\t\t<a href=\"http:\/\/www.quilombhoje.com.br\/site\/wp-content\/uploads\/2018\/05\/QuilombhojeMarciodeclama.jpg\" data-elementor-open-lightbox=\"default\"><br \/>\n\t\t\t\t\t\t\t<img decoding=\"async\" loading=\"lazy\" width=\"567\" height=\"378\" src=\"http:\/\/www.quilombhoje.com.br\/site\/wp-content\/uploads\/2018\/05\/QuilombhojeMarciodeclama.jpg\" alt=\"\" srcset=\"http:\/\/www.quilombhoje.com.br\/site\/wp-content\/uploads\/2018\/05\/QuilombhojeMarciodeclama.jpg 567w, http:\/\/www.quilombhoje.com.br\/site\/wp-content\/uploads\/2018\/05\/QuilombhojeMarciodeclama-300x200.jpg 300w, http:\/\/www.quilombhoje.com.br\/site\/wp-content\/uploads\/2018\/05\/QuilombhojeMarciodeclama-272x182.jpg 272w\" sizes=\"(max-width: 567px) 100vw, 567px\" \/>\t\t\t\t\t\t\t\t<\/a><figcaption>Bienal do Livro<\/figcaption><\/figure>\n<figure>\n\t\t\t\t\t\t\t\t\t\t\t<a href=\"http:\/\/www.quilombhoje.com.br\/site\/wp-content\/uploads\/2018\/05\/rodadepoemasQuilombhojeBienaldoLivro2012.jpg\" data-elementor-open-lightbox=\"default\"><br \/>\n\t\t\t\t\t\t\t<img decoding=\"async\" loading=\"lazy\" width=\"567\" height=\"378\" src=\"http:\/\/www.quilombhoje.com.br\/site\/wp-content\/uploads\/2018\/05\/rodadepoemasQuilombhojeBienaldoLivro2012.jpg\" alt=\"\" srcset=\"http:\/\/www.quilombhoje.com.br\/site\/wp-content\/uploads\/2018\/05\/rodadepoemasQuilombhojeBienaldoLivro2012.jpg 567w, http:\/\/www.quilombhoje.com.br\/site\/wp-content\/uploads\/2018\/05\/rodadepoemasQuilombhojeBienaldoLivro2012-300x200.jpg 300w, http:\/\/www.quilombhoje.com.br\/site\/wp-content\/uploads\/2018\/05\/rodadepoemasQuilombhojeBienaldoLivro2012-272x182.jpg 272w\" sizes=\"(max-width: 567px) 100vw, 567px\" \/>\t\t\t\t\t\t\t\t<\/a><figcaption>Bienal do Livro<\/figcaption><\/figure>\n","protected":false},"excerpt":{"rendered":"<p>Canta pra assentar o ax\u00e9! E roda poema&#8230; Sarau Afro Mix O\u00a0Sarau Afro Mix foi criado em 2002 Derivado das rodas de poemas, \u00e9 um projeto que procura trabalhar com as manifesta\u00e7\u00f5es culturais em geral, com \u00eanfase na literatura afro-brasileira, dando visibilidade a autores e autoras negros e negras e iluminando sua import\u00e2ncia na literatura [&hellip;]<\/p>\n","protected":false},"author":1,"featured_media":0,"parent":0,"menu_order":0,"comment_status":"closed","ping_status":"closed","template":"","meta":[],"_links":{"self":[{"href":"https:\/\/www.quilombhoje.com.br\/site\/wp-json\/wp\/v2\/pages\/937"}],"collection":[{"href":"https:\/\/www.quilombhoje.com.br\/site\/wp-json\/wp\/v2\/pages"}],"about":[{"href":"https:\/\/www.quilombhoje.com.br\/site\/wp-json\/wp\/v2\/types\/page"}],"author":[{"embeddable":true,"href":"https:\/\/www.quilombhoje.com.br\/site\/wp-json\/wp\/v2\/users\/1"}],"replies":[{"embeddable":true,"href":"https:\/\/www.quilombhoje.com.br\/site\/wp-json\/wp\/v2\/comments?post=937"}],"version-history":[{"count":46,"href":"https:\/\/www.quilombhoje.com.br\/site\/wp-json\/wp\/v2\/pages\/937\/revisions"}],"predecessor-version":[{"id":1515,"href":"https:\/\/www.quilombhoje.com.br\/site\/wp-json\/wp\/v2\/pages\/937\/revisions\/1515"}],"wp:attachment":[{"href":"https:\/\/www.quilombhoje.com.br\/site\/wp-json\/wp\/v2\/media?parent=937"}],"curies":[{"name":"wp","href":"https:\/\/api.w.org\/{rel}","templated":true}]}}